{"id":6,"date":"2021-03-09T10:26:20","date_gmt":"2021-03-09T13:26:20","guid":{"rendered":"https:\/\/www.reportedeprensa.utalca.cl\/?page_id=6"},"modified":"2026-09-04T10:56:58","modified_gmt":"2026-09-04T13:56:58","slug":"inicio","status":"publish","type":"page","link":"https:\/\/www.reportedeprensa.utalca.cl\/","title":{"rendered":"Estad\u00edsticas de apariciones por mes"},"content":{"rendered":"\t\t<div data-elementor-type=\"wp-page\" data-elementor-id=\"6\" class=\"elementor elementor-6\" data-elementor-settings=\"[]\">\n\t\t\t\t\t\t\t<div class=\"elementor-section-wrap\">\n\t\t\t\t\t\t\t<section class=\"elementor-section elementor-top-section elementor-element elementor-element-e7966dd elementor-section-boxed elementor-section-height-default elementor-section-height-default\" data-id=\"e7966dd\" data-element_type=\"section\">\n\t\t\t\t\t\t<div class=\"elementor-container elementor-column-gap-default\">\n\t\t\t\t\t<div class=\"elementor-column elementor-col-100 elementor-top-column elementor-element elementor-element-2838124\" data-id=\"2838124\" data-element_type=\"column\">\n\t\t\t<div class=\"elementor-widget-wrap elementor-element-populated\">\n\t\t\t\t\t\t\t\t<div class=\"elementor-element elementor-element-73e44a8 elementor-widget elementor-widget-heading\" data-id=\"73e44a8\" data-element_type=\"widget\" data-widget_type=\"heading.default\">\n\t\t\t\t<div class=\"elementor-widget-container\">\n\t\t\t<h4 class=\"elementor-heading-title elementor-size-default\">Registro de las apariciones de la UTalca y sus acad\u00e9micos en medios de comunicaci\u00f3n regionales, nacionales e internacionales.<\/h4>\t\t<\/div>\n\t\t\t\t<\/div>\n\t\t\t\t<div class=\"elementor-element elementor-element-4d7faf0 elementor-widget elementor-widget-column_chart\" data-id=\"4d7faf0\" data-element_type=\"widget\" data-widget_type=\"column_chart.default\">\n\t\t\t\t<div class=\"elementor-widget-container\">\n\t\t\t\n<div class=\"\">\n    <div class=\"\">\n            <\/div>\n    <div class=\"chart-box\">\n        <div class=\"chart-texture column-chart-4d7faf0\"><\/div>\n    <\/div>\n<\/div>            <script>\n                var myElement = document.querySelector(\".column-chart-4d7faf0\");\n\n                if (typeof isInit === 'undefined') {\n                    var isInit = {};\n                }\n                isInit['4d7faf0'] = false;\n\n                var columnOptions = {\n                    series: [{\"name\":\"Publicaciones\",\"data\":[1110,1014,1087,1072,140],\"color\":\"#DD3333\"}],\n                    chart: {\n                        height: parseInt('350'),\n                        type: 'bar',\n                        stacked: '',\n                        stackType: 'normal',\n                        animations: {\n                            enabled: '1',\n                            speed: '800',\n                            \/\/delay: '\/\/'\n                        },\n                        toolbar: {\n                            show: '',\n                            export: {\n                                csv: {\n                                    filename: \"4d7faf0\"\n                                },\n                                svg: {\n                                    filename: \"4d7faf0\"\n                                },\n                                png: {\n                                    filename: \"4d7faf0\"\n                                }\n                            }\n                        },\n                        dropShadow: {\n                            enabled: '',\n                            enabledOnSeries: [],\n                            top: parseInt('0'),\n                            left: parseInt('0'),\n                            blur: parseInt('0'),\n                            color: '#000',\n                            opacity: parseFloat('0.35')\n                        }\n                    },\n                    plotOptions: {\n                        bar: {\n                            horizontal: '',\n                            columnWidth: '50% ',\n                            startingShape: 'flat',\n                            endingShape: 'flat',\n                            dataLabels: {\n                                position: 'top',\n                            }\n                        },\n                    },\n                    noData: {\n                        text: 'No Data Available',\n                        align: 'center',\n                        verticalAlign: 'middle',\n                        style: {\n                            fontSize: '15px',\n                            fontFamily: 'Helvetica',\n                            color: '#4D4545'\n                        }\n                    },\n                    dataLabels: {\n                        enabled: '1',\n                        offsetY: parseFloat('-20'),\n                        offsetX: parseFloat('0'),\n                        style: {\n                            colors: ['#000000']\n                        },\n                        background: {\n                            enabled: '1',\n                            foreColor: ['#FFFFFF'],\n                            borderWidth: parseInt('1'),\n                            borderColor: '#FFFFFF'\n                        },\n                        formatter: function (val) {\n                            return '' + val + '';\n                        }\n                    },\n                    stroke: {\n                        show: true,\n                        width: 2,\n                        colors: ['transparent']\n                    },\n                    grid: {\n                        yaxis: {\n                            lines: {\n                                show: 'yes'\n                            }\n                        }\n                    },\n                    xaxis: {\n                        categories: 'Mayo_,_Junio_,_Julio_,_Agosto_,_Septiembre'.split('_,_'),\n                        position: 'bottom',\n                        tickAmount: parseInt(\"30\"),\n                        tickPlacement: \"on\",\n                        labels: {\n                            show: 'yes',\n                            rotateAlways: '',\n                            rotate: '-45',\n                            offsetX: parseInt('0'),\n                            offsetY: parseInt('0'),\n                            trim: true,\n                            style: {\n                                colors: '#4D4545',\n                                fontSize: '15px',\n                                fontFamily: 'Helvetica',\n                                fontWeight: ''\n                            },\n                            formatter: function (val) {\n                                return '' + val + '';\n                            }\n                        },\n                        tooltip: {\n                            enabled: \"\"\n                        },\n                        crosshairs: {\n                            show: \"\"\n                        }\n                    },\n                    yaxis: {\n                        opposite: '',\n                        tickAmount: parseInt(\"0\"),\n                        decimalsInFloat: parseInt(\"2\"),\n                        labels: {\n                            show: 'yes',\n                            rotate: '0',\n                            offsetX: parseInt('0'),\n                            offsetY: parseInt('0'),\n                            style: {\n                                colors: '#4D4545',\n                                fontSize: '15px',\n                                fontFamily: 'Helvetica',\n                                fontWeight: ''\n                            }\n                        },\n                        tooltip: {\n                            enabled: \"\"\n                        },\n                        crosshairs: {\n                            show: \"\"\n                        }\n                    },\n                    colors: '#DD3333'.split('_,_'),\n                    fill: {\n                        type: 'gradient',\n                        opacity: parseFloat('0.75'),\n                        colors: '#DD3333'.split('_,_'),\n                        gradient: {\n                            gradientToColors: '#FF290163'.split('_,_'),\n                            type: 'vertical',\n                            inverseColors: '',\n                            opacityFrom: parseFloat('1'),\n                            opacityTo: parseFloat('1')\n                        },\n                        pattern: {\n                            style: ''.split('_,_'),\n                            width: 6,\n                            height: 6,\n                            strokeWidth: 2\n                        }\n                    },\n                    legend: {\n                        show: 'yes',\n                        position: 'bottom',\n                        horizontalAlign: 'center',\n                        fontSize: '15px',\n                        fontFamily: 'Helvetica',\n                        fontWeight: '',\n                        labels: {\n                            colors: '#4D4545'\n                        }\n                    },\n                    tooltip: {\n                        enabled: 'yes',\n                        theme: 'light',\n                        shared: '' === \"yes\",\n                        style: {\n                            fontSize: '15px',\n                            fontFamily: 'Helvetica'\n                        }\n                    }\n                };\n\n                if (\"\" === \"yes\") {\n                    columnOptions.yaxis.labels.formatter = function (val) {\n                        return '' + val + '';\n                    }\n                }\n                if (\"\" === \"yes\") {\n                    columnOptions.tooltip['enabledOnSeries'] = [];\n                }\n                if (\"\" === \"yes\") {\n                    columnOptions['annotations'] = {\n                        yaxis: [\n                            {\n                                y: 0,\n                                strokeDashArray: parseInt(\"0\"),\n                                borderColor: '#000000'\n                            }\n                        ]\n                    };\n                }\n\n                if (typeof initNowGraphina !== \"undefined\") {\n                    initNowGraphina(\n                        myElement,\n                        {\n                            ele: document.querySelector(\".column-chart-4d7faf0\"),\n                            options: columnOptions,\n                            series: [{name: '', data: []}],\n                            animation: true\n                        },\n                        '4d7faf0'\n                    );\n                }\n                if (window.ajaxIntervalGraphina_4d7faf0 !== undefined) {\n                    clearInterval(window.ajaxIntervalGraphina_4d7faf0)\n                }\n            <\/script>\n            \t\t<\/div>\n\t\t\t\t<\/div>\n\t\t\t\t<div class=\"elementor-element elementor-element-1eb6669 elementor-widget elementor-widget-spacer\" data-id=\"1eb6669\" data-element_type=\"widget\" data-widget_type=\"spacer.default\">\n\t\t\t\t<div class=\"elementor-widget-container\">\n\t\t\t\t\t<div class=\"elementor-spacer\">\n\t\t\t<div class=\"elementor-spacer-inner\"><\/div>\n\t\t<\/div>\n\t\t\t\t<\/div>\n\t\t\t\t<\/div>\n\t\t\t\t\t<\/div>\n\t\t<\/div>\n\t\t\t\t\t\t\t<\/div>\n\t\t<\/section>\n\t\t\t\t<section class=\"elementor-section elementor-top-section elementor-element elementor-element-ff23aa9 elementor-section-boxed elementor-section-height-default elementor-section-height-default\" data-id=\"ff23aa9\" data-element_type=\"section\">\n\t\t\t\t\t\t<div class=\"elementor-container elementor-column-gap-default\">\n\t\t\t\t\t<div class=\"elementor-column elementor-col-100 elementor-top-column elementor-element elementor-element-e4ba560\" data-id=\"e4ba560\" data-element_type=\"column\">\n\t\t\t<div class=\"elementor-widget-wrap elementor-element-populated\">\n\t\t\t\t\t\t\t\t<div class=\"elementor-element elementor-element-b44c95e elementor-widget elementor-widget-heading\" data-id=\"b44c95e\" data-element_type=\"widget\" data-widget_type=\"heading.default\">\n\t\t\t\t<div class=\"elementor-widget-container\">\n\t\t\t<h2 class=\"elementor-heading-title elementor-size-default\">04 de septiembre de 2026<\/h2>\t\t<\/div>\n\t\t\t\t<\/div>\n\t\t\t\t\t<\/div>\n\t\t<\/div>\n\t\t\t\t\t\t\t<\/div>\n\t\t<\/section>\n\t\t\t\t<section class=\"elementor-section elementor-top-section elementor-element elementor-element-a689490 elementor-section-boxed elementor-section-height-default elementor-section-height-default\" data-id=\"a689490\" data-element_type=\"section\">\n\t\t\t\t\t\t<div class=\"elementor-container elementor-column-gap-default\">\n\t\t\t\t\t<div class=\"elementor-column elementor-col-100 elementor-top-column elementor-element elementor-element-9084707\" data-id=\"9084707\" data-element_type=\"column\">\n\t\t\t<div class=\"elementor-widget-wrap elementor-element-populated\">\n\t\t\t\t\t\t\t\t<div class=\"elementor-element elementor-element-1893abe elementor-widget elementor-widget-text-editor\" data-id=\"1893abe\" data-element_type=\"widget\" data-widget_type=\"text-editor.default\">\n\t\t\t\t<div class=\"elementor-widget-container\">\n\t\t\t\t\t\t\t\t<div><b data-olk-copy-source=\"MessageBody\">CONDOR.CL<\/b>\u00a0<\/div><div><a id=\"OWAde62c8e4-c247-8957-8877-2ae7d83b8023\" title=\"https:\/\/www.condor.cl\/2026\/09\/02\/bildung-und-begegnung-beim-epa-treffen-2026\/\" href=\"https:\/\/www.condor.cl\/2026\/09\/02\/bildung-und-begegnung-beim-epa-treffen-2026\/\" target=\"_blank\" rel=\"noopener noreferrer\" data-auth=\"NotApplicable\" data-linkindex=\"0\">Bildung und Begegnung beim Epa-Treffen 2026. Se refieren Arcadio Cerda Urrutia, rector y Claudia Moln\u00e1r, directora general de Pedagog\u00edas en Alem\u00e1n.<\/a>\u00a0<\/div><div aria-hidden=\"true\">\u00a0<\/div><div><b>LA PRENSA DE CURIC\u00d3<\/b>\u00a0<\/div><div><a id=\"OWAf1bee6d2-60cb-e6ca-27e4-6c4f3f531b7f\" title=\"https:\/\/chatgpt.com\/g\/g-6a557f243e08819195b8bf8e9d1c3988-utalca-reporte-de-prensa\/c\/reporte.pdf#page=7\" href=\"https:\/\/chatgpt.com\/g\/g-6a557f243e08819195b8bf8e9d1c3988-utalca-reporte-de-prensa\/c\/reporte.pdf#page=7\" target=\"_blank\" rel=\"noopener noreferrer\" data-auth=\"NotApplicable\" data-linkindex=\"1\">Exrector de Universidad de Talca fue reconocido por el Cruch por distinguida trayectoria educacional. Se refiere Arcadio Cerda Urrutia, rector.<\/a>\u00a0<\/div><div aria-hidden=\"true\">\u00a0<\/div><div><b>24HORAS.CL<\/b>\u00a0<\/div><div><a id=\"OWAa9ec0114-eb75-e3d2-b769-63bd3fc454ec\" title=\"https:\/\/www.24horas.cl\/te-sirve\/salud\/que-es-la-sifilis-preocupa-el-aumento-en-tasa-de-contagio-en-personas-mayores\" href=\"https:\/\/www.24horas.cl\/te-sirve\/salud\/que-es-la-sifilis-preocupa-el-aumento-en-tasa-de-contagio-en-personas-mayores\" target=\"_blank\" rel=\"noopener noreferrer\" data-auth=\"NotApplicable\" data-linkindex=\"2\">\u00bfQu\u00e9 es la s\u00edfilis?: Preocupa el aumento en tasa de contagio en personas mayores. Se refiere Sergio Wehinger, acad\u00e9mico e investigador de la Facultad de Ciencias de la Salud de la Universidad de Talca.<\/a>\u00a0<\/div><div aria-hidden=\"true\">\u00a0<\/div><div><b>DF.CL<\/b>\u00a0<\/div><div><a id=\"OWA325c9156-69d8-1318-2f90-70efbd947d2a\" title=\"https:\/\/www.df.cl\/regiones\/maule\/con-uso-de-ia-agricultura-podria-optimizar-el-uso-de-agua-para-cultivos-en\" href=\"https:\/\/www.df.cl\/regiones\/maule\/con-uso-de-ia-agricultura-podria-optimizar-el-uso-de-agua-para-cultivos-en\" target=\"_blank\" rel=\"noopener noreferrer\" data-auth=\"NotApplicable\" data-linkindex=\"3\">Con uso de IA, agricultura podr\u00eda optimizar el uso de agua para cultivos en per\u00edodos de escasez h\u00eddrica. Se refiere Samuel Ortega-Far\u00edas, director del Centro de Investigaci\u00f3n, Transferencia en Riego y Agroclimatolog\u00eda (CITRA).<\/a>\u00a0<\/div><div aria-hidden=\"true\">\u00a0<\/div><div><b>DIARIO CONCEPCI\u00d3N<\/b>\u00a0<\/div><div><a id=\"OWA3192c588-b346-215a-7562-caae5d1c0b4d\" title=\"https:\/\/chatgpt.com\/g\/g-6a557f243e08819195b8bf8e9d1c3988-utalca-reporte-de-prensa\/c\/reporte.pdf#page=4\" href=\"https:\/\/chatgpt.com\/g\/g-6a557f243e08819195b8bf8e9d1c3988-utalca-reporte-de-prensa\/c\/reporte.pdf#page=4\" target=\"_blank\" rel=\"noopener noreferrer\" data-auth=\"NotApplicable\" data-linkindex=\"4\">Talca reconoce la trayectoria de la rectora de la Universidad de Concepci\u00f3n con Medalla al M\u00e9rito Acad\u00e9mico. Se refiere Lina Uribe V\u00e9lez, vicerrectora acad\u00e9mica.<\/a>\u00a0<\/div><div aria-hidden=\"true\">\u00a0<\/div><div><b>G5NOTICIAS.CL<\/b>\u00a0<\/div><div><a id=\"OWA905f68fc-b908-27ed-f157-1b3ea15713b4\" title=\"https:\/\/g5noticias.cl\/2026\/09\/03\/como-operan-los-bots-y-cuales-son-sus-efectos-en-el-debate-publico\/\" href=\"https:\/\/g5noticias.cl\/2026\/09\/03\/como-operan-los-bots-y-cuales-son-sus-efectos-en-el-debate-publico\/\" target=\"_blank\" rel=\"noopener noreferrer\" data-auth=\"NotApplicable\" data-linkindex=\"5\">\u00bfC\u00f3mo operan los bots y cu\u00e1les son sus efectos en el debate p\u00fablico?. Se refiere Mario Herrera Mu\u00f1oz, acad\u00e9mico del Centro de An\u00e1lisis Pol\u00edtico (CAP-UTalca).<\/a>\u00a0<\/div><div aria-hidden=\"true\">\u00a0<\/div><div><b>LA DISCUSI\u00d3N<\/b>\u00a0<\/div><div><a id=\"OWA87ea09db-0a85-553a-af18-b69da19375e8\" title=\"https:\/\/chatgpt.com\/g\/g-6a557f243e08819195b8bf8e9d1c3988-utalca-reporte-de-prensa\/c\/reporte.pdf#page=6\" href=\"https:\/\/chatgpt.com\/g\/g-6a557f243e08819195b8bf8e9d1c3988-utalca-reporte-de-prensa\/c\/reporte.pdf#page=6\" target=\"_blank\" rel=\"noopener noreferrer\" data-auth=\"NotApplicable\" data-linkindex=\"6\">Talca reconoce la trayectoria de la rectora Jacqueline Sep\u00falveda con la Medalla al M\u00e9rito Acad\u00e9mico. Se refiere Lina Uribe V\u00e9lez, vicerrectora acad\u00e9mica.<\/a>\u00a0<\/div><div aria-hidden=\"true\">\u00a0<\/div><div aria-hidden=\"true\">\u00a0<\/div><div><b>TVN.CL<\/b>\u00a0<\/div><div><a id=\"OWA58b39c68-60f5-2a5f-6a4b-1825ee7dee6f\" title=\"https:\/\/www.tvn.cl\/noticias\/tendencias\/alerta-por-aumento-de-sifilis-en-chile-casos-llegan-a-su-nivel-mas-alto\" href=\"https:\/\/www.tvn.cl\/noticias\/tendencias\/alerta-por-aumento-de-sifilis-en-chile-casos-llegan-a-su-nivel-mas-alto\" target=\"_blank\" rel=\"noopener noreferrer\" data-auth=\"NotApplicable\" data-linkindex=\"7\">Alerta por aumento de s\u00edfilis en Chile: casos llegan a su nivel m\u00e1s alto en 10 a\u00f1os. Se refiere Sergio Wehinger, acad\u00e9mico e investigador de la Facultad de Ciencias de la Salud.<\/a>\u00a0<\/div><div aria-hidden=\"true\">\u00a0<\/div><div><b>RADIO.UCHILE.CL<\/b>\u00a0<\/div><div><a id=\"OWA87e2665f-db73-e2c8-5719-50e35847966b\" title=\"https:\/\/radio.uchile.cl\/2026\/09\/03\/que-es-la-sifilis-preocupa-aumento-en-tasa-de-contagio-en-personas-mayores\/\" href=\"https:\/\/radio.uchile.cl\/2026\/09\/03\/que-es-la-sifilis-preocupa-aumento-en-tasa-de-contagio-en-personas-mayores\/\" target=\"_blank\" rel=\"noopener noreferrer\" data-auth=\"NotApplicable\" data-linkindex=\"8\">\u00bfQu\u00e9 es la s\u00edfilis? Preocupa aumento en tasa de contagio en personas mayores. Se refiere Sergio Wehinger, acad\u00e9mico e investigador de la Facultad de Ciencias de la Salud.<\/a>\u00a0<\/div><div aria-hidden=\"true\">\u00a0<\/div><div><b>SEPTIMAPAGINANOTICIAS.CL<\/b>\u00a0<\/div><div><a id=\"OWAc535f517-1bfb-ddbe-4a6a-388365931b15\" title=\"https:\/\/www.septimapaginanoticias.cl\/que-es-la-sifilis-preocupa-el-aumento-en-tasa-de-contagio-en-personas-mayores\" href=\"https:\/\/www.septimapaginanoticias.cl\/que-es-la-sifilis-preocupa-el-aumento-en-tasa-de-contagio-en-personas-mayores\" target=\"_blank\" rel=\"noopener noreferrer\" data-auth=\"NotApplicable\" data-linkindex=\"9\">\u00bfQu\u00e9 es la s\u00edfilis?: Preocupa el aumento en tasa de contagio en personas mayores. Se refiere Sergio Wehinger, acad\u00e9mico e investigador de la Facultad de Ciencias de la Salud.<\/a>\u00a0<\/div><div aria-hidden=\"true\">\u00a0<\/div><div><b>ELMARTUTINO.CL<\/b>\u00a0<\/div><div><a id=\"OWA5f62cc75-b2c2-5f93-54ca-cd4c7ec2c4e2\" title=\"https:\/\/www.elmartutino.cl\/noticia\/salud\/sifilis-marca-record-en-chile-el-inesperado-grupo-donde-la-tasa-se-duplico-en-4-anos\" href=\"https:\/\/www.elmartutino.cl\/noticia\/salud\/sifilis-marca-record-en-chile-el-inesperado-grupo-donde-la-tasa-se-duplico-en-4-anos\" target=\"_blank\" rel=\"noopener noreferrer\" data-auth=\"NotApplicable\" data-linkindex=\"10\">S\u00edfilis marca r\u00e9cord en Chile: El inesperado grupo donde la tasa se duplic\u00f3 en 4 a\u00f1os. Se refiere Sergio Wehinger, acad\u00e9mico e investigador de la Facultad de Ciencias de la Salud.<\/a>\u00a0<\/div><div aria-hidden=\"true\">\u00a0<\/div><div aria-hidden=\"true\">\u00a0<\/div><div><b>MEDIABANCO.COM<\/b>\u00a0<\/div><div><a id=\"OWA147563af-1ab9-9ae9-0e8b-46685a142510\" title=\"https:\/\/www.mediabanco.com\/que-es-la-sifilis-preocupa-el-aumento-en-tasa-de-contagio-en-personas-mayores\/\" href=\"https:\/\/www.mediabanco.com\/que-es-la-sifilis-preocupa-el-aumento-en-tasa-de-contagio-en-personas-mayores\/\" target=\"_blank\" rel=\"noopener noreferrer\" data-auth=\"NotApplicable\" data-linkindex=\"11\">\u00bfQu\u00e9 es la s\u00edfilis?: Preocupa el aumento en tasa de contagio en personas mayores. Se refiere Sergio Wehinger, acad\u00e9mico e investigador de la Facultad de Ciencias de la Salud.<\/a>\u00a0<\/div><div aria-hidden=\"true\">\u00a0<\/div><div><b>INOTICIAS.CL<\/b>\u00a0<\/div><div><a id=\"OWA745add88-d1d5-3ac9-1a22-cebc5ddf739b\" title=\"https:\/\/inoticias.cl\/detalle\/con-uso-de-ia-agricultura-podria-optimizar-el-uso-de-agua\" href=\"https:\/\/inoticias.cl\/detalle\/con-uso-de-ia-agricultura-podria-optimizar-el-uso-de-agua\" target=\"_blank\" rel=\"noopener noreferrer\" data-auth=\"NotApplicable\" data-linkindex=\"12\">Con uso de IA, agricultura podr\u00eda optimizar el uso de agua para cultivos en per\u00edodos de escasez h\u00eddrica. Se refiere Samuel Ortega-Far\u00edas, director del Centro de Investigaci\u00f3n, Transferencia en Riego y Agroclimatolog\u00eda (CITRA).<\/a>\u00a0<\/div><div aria-hidden=\"true\">\u00a0<\/div><div><b>DIARIOELCENTRO.CL<\/b>\u00a0<\/div><div><a id=\"OWA498cdb99-ef87-176d-e7ff-451bafb45c5d\" title=\"https:\/\/www.diarioelcentro.cl\/2026\/09\/03\/citra-de-la-universidad-de-talca-impulsa-iniciativa-para-combatir-escasez-hidrica-con-inteligencia-artificial-y-drones\/\" href=\"https:\/\/www.diarioelcentro.cl\/2026\/09\/03\/citra-de-la-universidad-de-talca-impulsa-iniciativa-para-combatir-escasez-hidrica-con-inteligencia-artificial-y-drones\/\" target=\"_blank\" rel=\"noopener noreferrer\" data-auth=\"NotApplicable\" data-linkindex=\"13\">CITRA de la Universidad de Talca impulsa iniciativa para combatir escasez h\u00eddrica con inteligencia artificial y drones. Se refiere Samuel Ortega-Far\u00edas, director del Centro de Investigaci\u00f3n, Transferencia en Riego y Agroclimatolog\u00eda (CITRA).<\/a>\u00a0<\/div><div aria-hidden=\"true\">\u00a0<\/div><div aria-hidden=\"true\">\u00a0<\/div><div><b>CANAL MEGANOTICIAS\u00a0<\/b>\u00a0<\/div><div><a id=\"OWAa22a1bb6-58e4-7ac6-48a5-829019e4cd6d\" title=\"https:\/\/chatgpt.com\/g\/g-6a557f243e08819195b8bf8e9d1c3988-utalca-reporte-de-prensa\/c\/reporte.pdf#page=100\" href=\"https:\/\/chatgpt.com\/g\/g-6a557f243e08819195b8bf8e9d1c3988-utalca-reporte-de-prensa\/c\/reporte.pdf#page=100\" target=\"_blank\" rel=\"noopener noreferrer\" data-auth=\"NotApplicable\" data-linkindex=\"14\">Entrevista a Mauricio Morales, analista pol\u00edtico Meganoticias. Se refiere Mauricio Morales Quiroga, director del Centro de An\u00e1lisis Pol\u00edtico (CAP-UTalca).<\/a>\u00a0<\/div><div aria-hidden=\"true\">\u00a0<\/div><div><b>MEGANOTICIAS ALERTA\u00a0<\/b>\u00a0<\/div><div><a id=\"OWAbecc6d35-ad8c-ce7e-be0d-70959b2c9181\" title=\"https:\/\/chatgpt.com\/g\/g-6a557f243e08819195b8bf8e9d1c3988-utalca-reporte-de-prensa\/c\/reporte.pdf#page=100\" href=\"https:\/\/chatgpt.com\/g\/g-6a557f243e08819195b8bf8e9d1c3988-utalca-reporte-de-prensa\/c\/reporte.pdf#page=100\" target=\"_blank\" rel=\"noopener noreferrer\" data-auth=\"NotApplicable\" data-linkindex=\"15\">Entrevista a Mauricio Morales, analista pol\u00edtico Meganoticias. Se refiere Mauricio Morales Quiroga, director del Centro de An\u00e1lisis Pol\u00edtico (CAP-UTalca).<\/a>\u00a0<\/div><div aria-hidden=\"true\">\u00a0<\/div><div><b>EL LECTOR<\/b>\u00a0<\/div><div><a id=\"OWA0b38eab3-aada-4270-cf32-e3e8279e63f9\" title=\"https:\/\/chatgpt.com\/g\/g-6a557f243e08819195b8bf8e9d1c3988-utalca-reporte-de-prensa\/c\/reporte.pdf#page=5\" href=\"https:\/\/chatgpt.com\/g\/g-6a557f243e08819195b8bf8e9d1c3988-utalca-reporte-de-prensa\/c\/reporte.pdf#page=5\" target=\"_blank\" rel=\"noopener noreferrer\" data-auth=\"NotApplicable\" data-linkindex=\"16\">\u00bfC\u00f3mo operan los bots y cu\u00e1les son sus efectos en el debate p\u00fablico?. Se refiere Mario Herrera Mu\u00f1oz, acad\u00e9mico del Centro de An\u00e1lisis Pol\u00edtico (CAP-UTalca).<\/a>\u00a0<\/div><div aria-hidden=\"true\">\u00a0<\/div><div><b>CANAL2LINARES.CL<\/b>\u00a0<\/div><div><a id=\"OWA2d984a4d-17ce-9664-2b15-832e56410886\" title=\"https:\/\/canal2linares.cl\/2026\/09\/03\/como-operan-los-bots-y-cuales-son-sus-efectos-en-el-debate-publico\/\" href=\"https:\/\/canal2linares.cl\/2026\/09\/03\/como-operan-los-bots-y-cuales-son-sus-efectos-en-el-debate-publico\/\" target=\"_blank\" rel=\"noopener noreferrer\" data-auth=\"NotApplicable\" data-linkindex=\"17\">\u00bfC\u00f3mo operan los bots y cu\u00e1les son sus efectos en el debate p\u00fablico?. Se refiere Mario Herrera Mu\u00f1oz, acad\u00e9mico del Centro de An\u00e1lisis Pol\u00edtico (CAP-UTalca).<\/a>\u00a0<\/div><div aria-hidden=\"true\">\u00a0<\/div><div><b>SITIOS WEB TV &#8211; GUAYAC\u00c1N RADIO (COQUIMBO)<\/b>\u00a0<\/div><div><a id=\"OWA26a362b7-cc7e-f440-1690-8b2236b463a5\" title=\"https:\/\/chatgpt.com\/g\/g-6a557f243e08819195b8bf8e9d1c3988-utalca-reporte-de-prensa\/c\/reporte.pdf#page=100\" href=\"https:\/\/chatgpt.com\/g\/g-6a557f243e08819195b8bf8e9d1c3988-utalca-reporte-de-prensa\/c\/reporte.pdf#page=100\" target=\"_blank\" rel=\"noopener noreferrer\" data-auth=\"NotApplicable\" data-linkindex=\"18\">Entrevista a Mario Herrera, acad\u00e9mico del Centro de An\u00e1lisis Pol\u00edtico (CAP-UTalca).<\/a>\u00a0<\/div><div aria-hidden=\"true\">\u00a0<\/div><div><b>MAULE HOY<\/b>\u00a0<\/div><div><a id=\"OWAc02791a2-14c9-1cae-5f49-3e4f109c1615\" title=\"https:\/\/chatgpt.com\/g\/g-6a557f243e08819195b8bf8e9d1c3988-utalca-reporte-de-prensa\/c\/reporte.pdf#page=8\" href=\"https:\/\/chatgpt.com\/g\/g-6a557f243e08819195b8bf8e9d1c3988-utalca-reporte-de-prensa\/c\/reporte.pdf#page=8\" target=\"_blank\" rel=\"noopener noreferrer\" data-auth=\"NotApplicable\" data-linkindex=\"19\">SLEP Maule Costa realiza segundo Encuentro de Centros de Alumnos de Ense\u00f1anza Media para fortalecer el liderazgo estudiantil. Se menciona la Universidad de Talca.<\/a>\u00a0<\/div><div>\u00a0<\/div><div><b>RADIO AMIGA (TALCA) &#8211; EN L\u00cdNEA &#8211; EDICI\u00d3N CENTRAL<\/b>\u00a0<\/div><div><a id=\"OWA88a373aa-d3f5-14ca-3f16-97c4f9e71015\" title=\"https:\/\/chatgpt.com\/g\/g-6a557f243e08819195b8bf8e9d1c3988-utalca-reporte-de-prensa\/c\/reporte.pdf#page=103\" href=\"https:\/\/chatgpt.com\/g\/g-6a557f243e08819195b8bf8e9d1c3988-utalca-reporte-de-prensa\/c\/reporte.pdf#page=103\" target=\"_blank\" rel=\"noopener noreferrer\" data-auth=\"NotApplicable\" data-linkindex=\"20\">Segundo encuentro territorial de centros de alumnos SLEP Maule Costa. Se menciona la Universidad de Talca.<\/a><\/div><div aria-hidden=\"true\">\u00a0<\/div><div><b>CANAL MEGANOTICIAS &#8211; MEGANOTICIAS ALERTA &#8211; AM (BLOQUE 1)<\/b>\u00a0<\/div><div><a id=\"OWA25248948-ec57-4ed7-bf92-ec738cbd8628\" title=\"https:\/\/chatgpt.com\/g\/g-6a557f243e08819195b8bf8e9d1c3988-utalca-reporte-de-prensa\/c\/reporte.pdf#page=100\" href=\"https:\/\/chatgpt.com\/g\/g-6a557f243e08819195b8bf8e9d1c3988-utalca-reporte-de-prensa\/c\/reporte.pdf#page=100\" target=\"_blank\" rel=\"noopener noreferrer\" data-auth=\"NotApplicable\" data-linkindex=\"21\">Presidente Kast visit\u00f3 a alcalde White. Se menciona a la Universidad de Talca.<\/a>\u00a0<\/div><div>\u00a0<\/div><div><b>UCM.CL<\/b>\u00a0<\/div><div><a id=\"OWA7dc55cb8-7ece-115e-d03e-9468af953604\" title=\"https:\/\/www.ucm.cl\/noticias\/ucm-colabora-para-impulsar-la-ciencia-innovacion-y-adopcion-tecnologica-en-la-zona-centro-sur\/\" href=\"https:\/\/www.ucm.cl\/noticias\/ucm-colabora-para-impulsar-la-ciencia-innovacion-y-adopcion-tecnologica-en-la-zona-centro-sur\/\" target=\"_blank\" rel=\"noopener noreferrer\" data-auth=\"NotApplicable\" data-linkindex=\"22\">UCM colabora para impulsar la ciencia, innovaci\u00f3n y adopci\u00f3n tecnol\u00f3gica en la zona centro sur. Se menciona a la Universidad de Talca.<\/a>\u00a0<\/div><div>\u00a0<\/div><div><b>VITRINADEPORTIVA.CL<\/b>\u00a0<\/div><div><a id=\"OWAecbbd5a2-1f65-b7b0-19d4-7e97dfdd37ef\" title=\"https:\/\/vitrinadeportiva.cl\/ucm-colabora-para-impulsar-la-ciencia-innovacion-y-adopcion-tecnologica-en-la-zona-centro-sur\/\" href=\"https:\/\/vitrinadeportiva.cl\/ucm-colabora-para-impulsar-la-ciencia-innovacion-y-adopcion-tecnologica-en-la-zona-centro-sur\/\" target=\"_blank\" rel=\"noopener noreferrer\" data-auth=\"NotApplicable\" data-linkindex=\"23\">UCM colabora para impulsar la ciencia, innovaci\u00f3n y adopci\u00f3n tecnol\u00f3gica en la zona centro-sur. Se menciona a la Universidad de Talca.<\/a>\u00a0<\/div><div>\u00a0<\/div><div><b>ELMAULEINFORMA.CL<\/b>\u00a0<\/div><div><a id=\"OWA683e5d1b-ad3c-6105-edb8-f54123bc5ca1\" title=\"https:\/\/elmauleinforma.cl\/con-canto-campesino-e-identidad-maulina-cancionera-chilena-abrio-la-cartelera-de-septiembre-en-extension-utalca\/\" href=\"https:\/\/elmauleinforma.cl\/con-canto-campesino-e-identidad-maulina-cancionera-chilena-abrio-la-cartelera-de-septiembre-en-extension-utalca\/\" target=\"_blank\" rel=\"noopener noreferrer\" data-auth=\"NotApplicable\" data-linkindex=\"24\">Con canto campesino e identidad maulina, \u00abCancionera Chilena\u00bb abri\u00f3 la cartelera de septiembre en Extensi\u00f3n UTalca. Se menciona a la Universidad de Talca.<\/a>\u00a0<\/div><div>\u00a0<\/div><div><b>VLNRADIO.CL<\/b>\u00a0<\/div><div><a id=\"OWAf0386e32-0ed3-9273-bddc-1a0f4b19bb28\" title=\"https:\/\/www.vlnradio.cl\/noticias\/nacional\/region-del-maule\/2026\/09\/03\/crimen-organizado-y-atencion-a-victimas-las-prioridades-de-rodrigo-pena-al-asumir-la-fiscalia-regional-del-maule\/\" href=\"https:\/\/www.vlnradio.cl\/noticias\/nacional\/region-del-maule\/2026\/09\/03\/crimen-organizado-y-atencion-a-victimas-las-prioridades-de-rodrigo-pena-al-asumir-la-fiscalia-regional-del-maule\/\" target=\"_blank\" rel=\"noopener noreferrer\" data-auth=\"NotApplicable\" data-linkindex=\"25\">Crimen organizado y atenci\u00f3n a v\u00edctimas: Las prioridades de Rodrigo Pe\u00f1a al asumir la Fiscal\u00eda Regional del Maule. Se menciona a la Universidad de Talca.<\/a>\u00a0<\/div><div><b>\u00a0<\/b><\/div><div><b>VLNRADIO.CL<\/b>\u00a0<\/div><div><a id=\"OWAbc95fb75-d5fe-b719-e34a-82bee1b5b88e\" title=\"https:\/\/www.vlnradio.cl\/noticias\/nacional\/region-del-maule\/2026\/09\/03\/rodrigo-pena-sepulveda-asume-oficialmente-como-nuevo-fiscal-regional-del-maule\/\" href=\"https:\/\/www.vlnradio.cl\/noticias\/nacional\/region-del-maule\/2026\/09\/03\/rodrigo-pena-sepulveda-asume-oficialmente-como-nuevo-fiscal-regional-del-maule\/\" target=\"_blank\" rel=\"noopener noreferrer\" data-auth=\"NotApplicable\" data-linkindex=\"26\">Rodrigo Pe\u00f1a Sep\u00falveda asume oficialmente como nuevo fiscal regional del Maule. Se menciona a la Universidad de Talca.<\/a>\u00a0<\/div><div>\u00a0<\/div><div><b>UCHILE.CL<\/b>\u00a0<\/div><div><a id=\"OWA210aba72-a9b1-5822-0674-7914aa83ef42\" title=\"https:\/\/uchile.cl\/noticias\/244351\/confauce-celebro-seminario-en-la-universidad-de-chile\" href=\"https:\/\/uchile.cl\/noticias\/244351\/confauce-celebro-seminario-en-la-universidad-de-chile\" target=\"_blank\" rel=\"noopener noreferrer\" data-auth=\"NotApplicable\" data-linkindex=\"27\">Confauce celebrado en la Universidad de Chile analiz\u00f3 los desaf\u00edos de los programas de formaci\u00f3n docente en modalidad de prosecuci\u00f3n de estudios. Se menciona a la Universidad de Talca.<\/a>\u00a0<\/div><div><b>\u00a0<\/b><\/div><div><b>USACH.CL<\/b>\u00a0<\/div><div><a id=\"OWA320f2180-8c75-4c39-26d4-190e4f27b5c8\" title=\"https:\/\/www.usach.cl\/news\/universidad-comienza-hoy-proceso-participativo-autoevaluacion-miras-la-acreditacion\" href=\"https:\/\/www.usach.cl\/news\/universidad-comienza-hoy-proceso-participativo-autoevaluacion-miras-la-acreditacion\" target=\"_blank\" rel=\"noopener noreferrer\" data-auth=\"NotApplicable\" data-linkindex=\"28\">Universidad comienza hoy proceso participativo de Autoevaluaci\u00f3n con miras a la Acreditaci\u00f3n Institucional. Se menciona a la Universidad de Talca.<\/a>\u00a0<\/div><div aria-hidden=\"true\">\u00a0<\/div>\t\t\t\t\t\t<\/div>\n\t\t\t\t<\/div>\n\t\t\t\t\t<\/div>\n\t\t<\/div>\n\t\t\t\t\t\t\t<\/div>\n\t\t<\/section>\n\t\t\t\t\t\t<\/div>\n\t\t\t\t\t<\/div>\n\t\t","protected":false},"excerpt":{"rendered":"<p>Registro de las apariciones de la UTalca y sus acad\u00e9micos en medios de comunicaci\u00f3n regionales, nacionales e internacionales. 04 de septiembre de 2026 CONDOR.CL\u00a0Bildung und Begegnung beim Epa-Treffen 2026. Se refieren Arcadio Cerda Urrutia, rector y Claudia Moln\u00e1r, directora general de Pedagog\u00edas en Alem\u00e1n.\u00a0\u00a0LA PRENSA DE CURIC\u00d3\u00a0Exrector de Universidad de Talca fue reconocido por el &hellip;<\/p>\n<p class=\"read-more\"> <a class=\"\" href=\"https:\/\/www.reportedeprensa.utalca.cl\/\"> <span class=\"screen-reader-text\">Estad\u00edsticas de apariciones por mes<\/span> Read More &raquo;<\/a><\/p>\n","protected":false},"author":1,"featured_media":0,"parent":0,"menu_order":0,"comment_status":"closed","ping_status":"closed","template":"","meta":{"_monsterinsights_skip_tracking":false,"_monsterinsights_sitenote_active":false,"_monsterinsights_sitenote_note":"","_monsterinsights_sitenote_category":0},"_links":{"self":[{"href":"https:\/\/www.reportedeprensa.utalca.cl\/index.php?rest_route=\/wp\/v2\/pages\/6"}],"collection":[{"href":"https:\/\/www.reportedeprensa.utalca.cl\/index.php?rest_route=\/wp\/v2\/pages"}],"about":[{"href":"https:\/\/www.reportedeprensa.utalca.cl\/index.php?rest_route=\/wp\/v2\/types\/page"}],"author":[{"embeddable":true,"href":"https:\/\/www.reportedeprensa.utalca.cl\/index.php?rest_route=\/wp\/v2\/users\/1"}],"replies":[{"embeddable":true,"href":"https:\/\/www.reportedeprensa.utalca.cl\/index.php?rest_route=%2Fwp%2Fv2%2Fcomments&post=6"}],"version-history":[{"count":5023,"href":"https:\/\/www.reportedeprensa.utalca.cl\/index.php?rest_route=\/wp\/v2\/pages\/6\/revisions"}],"predecessor-version":[{"id":14608,"href":"https:\/\/www.reportedeprensa.utalca.cl\/index.php?rest_route=\/wp\/v2\/pages\/6\/revisions\/14608"}],"wp:attachment":[{"href":"https:\/\/www.reportedeprensa.utalca.cl\/index.php?rest_route=%2Fwp%2Fv2%2Fmedia&parent=6"}],"curies":[{"name":"wp","href":"https:\/\/api.w.org\/{rel}","templated":true}]}}